{"id":2232,"date":"2024-06-12T14:40:11","date_gmt":"2024-06-12T12:40:11","guid":{"rendered":"https:\/\/dusens.group\/?post_type=the-sixth&#038;p=2232"},"modified":"2024-11-15T15:50:47","modified_gmt":"2024-11-15T13:50:47","slug":"de-lentreprise-engagee-a-lentreprise-engageante","status":"publish","type":"the-sixth","link":"https:\/\/dusens.group\/fr\/the-sixth\/de-lentreprise-engagee-a-lentreprise-engageante\/","title":{"rendered":"De l&rsquo;entreprise engag\u00e9e \u00e0 l&rsquo;entreprise engageante"},"content":{"rendered":"\n\n<div data-logocolor=\"white\" class=\"cp-sixth-herobanner teq-container banner max-w-full relative pt-[98px]     \" >\n    <div class=\"teq-grid\">\n        <div class=\"col-span-24 mt-[140px] lg:mt-20 mb-10 cp-breadcrumb  font-shoene hidden lg:grid\">\n            <nav class=\"breadcrumb\">\n            <span><span><a href=\"https:\/\/dusens.group\/fr\/\">Accueil<\/a><\/span><\/span>        <\/nav>\n    <\/div>\n    <\/div>\n    <div class=\"teq-grid\">\n        <div class=\"col-span-6 md:col-span-12 lg:col-span-11 lg:col-start-3   my-auto\">\n            <div class=\"tags-share flex gap-4 items-center justify-between\">\n                <!-- Taxo Th\u00e8mes -->\n                <ul class=\"flex gap-4 font-semibold font-soehne text-xs taxos \">\n                                                                        <li class=\"uppercase square-before \">Perspectives<\/li>\n                                                                                                                    <li class=\"uppercase square-before \">News<\/li>\n                                                            <\/ul>\n\n                <!-- Share -->\n                <div class=\"share-wrapper white desktop-only flex gap-6\">\n                    <div class=\"share-part flex gap-1 cursor-pointer relative\">\n                        <div class=\"share-part-inner flex gap-1 items-center\">\n                            <div class=\"relative share-label-wrapper\">\n                                <p class=\"label-inner\">Share<\/p>\n                                <div class=\"share-list mt-3 mt-lg-0 height-100 absolute\">\n                                    <div class=\"flex gap-0 align-center\">\n                                        <a target=\"_blank\"\n                                            href=\"https:\/\/twitter.com\/intent\/tweet?url=https%3A%2F%2Fdusens.group%2Ffr%2Fthe-sixth%2Fde-lentreprise-engagee-a-lentreprise-engageante%2F\"\n                                            onclick=\"window.open(this.href, 'mywin', 'left=20,top=20,width=500,height=500,toolbar=1,resizable=0'); return false;\"\n                                            class=\"txt-0 share-btn anim-ltr white\"\n                                            tabindex=\"-1\"\n                                            aria-label=\"\">\n                                            <svg class=\"icon-x\">\n                                                <use xlink:href=\"#icon-x\"><\/use>\n                                            <\/svg>\n                                        <\/a>\n                                        <a  href=\"https:\/\/www.linkedin.com\/sharing\/share-offsite\/?url=https:\/\/dusens.group\/fr\/the-sixth\/de-lentreprise-engagee-a-lentreprise-engageante\/\"\n                                            onclick=\"window.open(this.href, 'mywin', 'left=20,top=20,width=500,height=500,toolbar=1,resizable=0'); return false;\"\n                                            class=\"txt-0 share-btn anim-ltr white\"\n                                            tabindex=\"-1\"\n                                            aria-label=\"\">\n                                            <svg class=\"icon-linkedin\">\n                                                <use xlink:href=\"#icon-linkedin\"><\/use>\n                                            <\/svg>\n                                        <\/a>\n                                        <a  href=\"https:\/\/www.facebook.com\/sharer.php?u=https:\/\/dusens.group\/fr\/the-sixth\/de-lentreprise-engagee-a-lentreprise-engageante\/\"\n                                            onclick=\"window.open(this.href, 'mywin', 'left=20,top=20,width=500,height=500,toolbar=1,resizable=0'); return false;\"\n                                            class=\"txt-0 share-btn anim-ltr white\"\n                                            tabindex=\"-1\"\n                                            aria-label=\"\">\n                                            <svg class=\"icon-facebook\">\n                                                <use xlink:href=\"#icon-facebook\"><\/use>\n                                            <\/svg>\n                                        <\/a>\n                                    <\/div>\n                                <\/div>\n                            <\/div>\n                            <svg class=\"icon-share-white\">\n                                <use xlink:href=\"#icon-share-white\"><\/use>\n                            <\/svg>\n                        <\/div>\n                    <\/div>\n\n                    <div class=\"copy-url-part flex gap-1 items-center cursor-pointer\">\n                        <p class=\"copy-label anim-ltr white\">\n                            Copier l&rsquo;URL                        <\/p>\n                        <p class=\"copied-label anim-ltr white\">\n                             Copi\u00e9e !                        <\/p>\n                        <svg class=\"icon-copy-white\">\n                            <use xlink:href=\"#icon-copy-white\"><\/use>\n                        <\/svg>\n                    <\/div>\n                <\/div>\n            <\/div>\n\n                            <h1 class=\"font-signifier text-[40px] leading-[44px] lg:text-[56px] lg:leading-[64px] mt-6 lg:mt-7 title\">\n                    <p>De l&rsquo;entreprise engag\u00e9e \u00e0 l&rsquo;entreprise engageante<\/p>\n                <\/h1>\n            \n            <!-- Desktop -->\n            <div class=\"hidden lg:flex gap-6  text-[16px] leading-[20px] my-6  \">\n                                    <span class=\"date\">\n                        12 juin 2024                    <\/span>\n                \n                <!-- Taxo reading-time  -->\n                                                            <div class=\"flex items-center gap-2 time\">\n                            <svg width=\"14\" height=\"14\" viewBox=\"0 0 14 14\" fill=\"none\" xmlns=\"http:\/\/www.w3.org\/2000\/svg\" class=\"time\">\n                                <path fill-rule=\"evenodd\" clip-rule=\"evenodd\" d=\"M7 14C10.866 14 14 10.866 14 7C14 3.13401 10.866 0 7 0C3.13401 0 0 3.13401 0 7C0 10.866 3.13401 14 7 14ZM8 6.585V3.00325H6V7.41421L8.29289 9.70711L9.70711 8.29289L8 6.585Z\" \/>\n                            <\/svg>\n                            4 min                        <\/div>\n                                    \n\n                                    <span class=\"author\">\n                        In\u00e8s Guigue                    <\/span>\n                            <\/div>\n\n                            <div class=\"description text-base lg:text-[20px] leading-[26px] lg:leading-[32px] font-soehne mt-6 lg:mt-0\">\n                    <p>L&rsquo;entreprise engageante va au-del\u00e0 des d\u00e9clarations d&rsquo;intention, en mettant en \u0153uvre des actions concr\u00e8tes pour impliquer ses parties prenantes. Cette approche favorise la transparence et encourage les audiences \u00e0 devenir des acteurs actifs du changement.<\/p>\n                <\/div>\n                    <\/div>\n\n            <!-- Mobile share modal -->\n            <div class=\"share-wrapper mobile-only flex gap-1 cursor-pointer relative mt-4 mb-2 items-center\">\n                <svg class=\"icon-share-white\">\n                    <use xlink:href=\"#icon-share-white\"><\/use>\n                <\/svg>\n                <p class=\"label\"> partager <\/p>\n            <\/div>\n\n        <!-- <picture class=\"w-full h-auto lg:absolute opacity-0 lg:-bottom-[128px]\" -->\n        <div class=\"col-span-6 md:col-span-12 lg:col-[16_\/_span_8] py-6 lg:py-0\">\n                            <picture class=\"w-full h-auto\"\n                    style=\"\n                        mask-image: url(https:\/\/dusens.group\/app\/themes\/teq-theme\/assets\/images\/sixth-mask.svg);\n                        mask-repeat: no-repeat; mask-size: 100% auto;\"\n                >\n                    <source media=\"(max-width: 767px)\" srcset=\"https:\/\/dusens.group\/app\/uploads\/2024\/06\/thumbnail-from-the-committed-company-to-the-engaging-company-mob.jpg\" \/>\n                    <source media=\"(min-width: 768px)\" srcset=\"https:\/\/dusens.group\/app\/uploads\/2024\/06\/thumbnail-from-the-committed-company-to-the-engaging-company.jpg\" \/>\n                    <img decoding=\"async\" src=\"https:\/\/dusens.group\/app\/uploads\/2024\/06\/thumbnail-from-the-committed-company-to-the-engaging-company.jpg\" alt=\"thumbnail-from-the-committed-company-to-the-engaging-company\" \/>\n                <\/picture>\n                    <\/div>\n\n        <!-- Mobile -->\n        <div class=\"col-span-6 md:col-span-12 flex flex-wrap justify-between gap-6 text-[16px] leading-[20px] lg:hidden\">\n                            <span class=\"date\">\n                    12 juin 2024                <\/span>\n            \n            <!-- Taxo reading-time  -->\n                                                <div class=\"flex items-center gap-2 time\">\n                        <svg width=\"14\" height=\"14\" viewBox=\"0 0 14 14\" fill=\"none\" xmlns=\"http:\/\/www.w3.org\/2000\/svg\" class=\"time\">\n                            <path fill-rule=\"evenodd\" clip-rule=\"evenodd\" d=\"M7 14C10.866 14 14 10.866 14 7C14 3.13401 10.866 0 7 0C3.13401 0 0 3.13401 0 7C0 10.866 3.13401 14 7 14ZM8 6.585V3.00325H6V7.41421L8.29289 9.70711L9.70711 8.29289L8 6.585Z\" \/>\n                        <\/svg>\n                        4 min                    <\/div>\n                            \n\n                            <span class=\"author\">\n                    In\u00e8s Guigue                <\/span>\n                    <\/div>\n\n    <\/div>\n     \n<\/div>\n\n\n\n<div id=\"\" class=\"teq-container full-screen    \" >\n                        <div class=\"teq-grid\">\n                <div class=\"col-span-6 md:col-span-12 lg:col-span-7 lg:col-start-3 mb-6 lg:mb-0\">\n                                                                <div class=\"w-full mb-6 lg:mb-0\">\n                                \n<div class=\"cp-key-number bg-dazzling p-6 text-dark\" style=\"mask-image: url(https:\/\/dusens.group\/app\/themes\/teq-theme\/assets\/images\/sixth-bottom-mask.png); mask-repeat: no-repeat; mask-size: 100% auto;\">\n\n    \n            <div class=\"text-[24px] leading-[31px] font-semibold font-soehne\">\n            Avant on adh\u00e9rait \u00e0 une entreprise par ses produits, maintenant on y adh\u00e8re pour des engagements corporate        <\/div>\n    \n    <\/div>                        <\/div>\n                                    <\/div>\n                                    <div class=\"col-span-6 md:col-span-12 lg:col-span-11 lg:col-start-12 \">\n                        <div class=\"sixth-wyswiwyg\">\n                            <p>Au cours des derni\u00e8res d\u00e9cennies, les attentes des consommateurs et des employ\u00e9s ont consid\u00e9rablement \u00e9volu\u00e9. Les individus ne se contentent plus d&rsquo;acheter des produits ou de travailler pour une entreprise qui se limite \u00e0 maximiser ses b\u00e9n\u00e9fices. Ils recherchent une v\u00e9ritable connexion avec les marques, des valeurs partag\u00e9es et une volont\u00e9 de faire une diff\u00e9rence positive dans le monde. Avant on adh\u00e9rait \u00e0 une entreprise par ses produits, maintenant on y adh\u00e8re pour des engagements corporate. C&rsquo;est dans ce contexte que l&rsquo;id\u00e9e d&rsquo;une entreprise engag\u00e9e a \u00e9merg\u00e9.<\/p>\n                        <\/div>\n                    <\/div>\n                            <\/div>\n                <\/div>\n\n\n\n<div id=\"\" class=\"teq-container full-screen    \" >\n                        <div class=\"teq-grid\">\n                <div class=\"col-span-6 md:col-span-12 lg:col-span-12 lg:col-start-7  \">\n                                            <div class=\"sixth-wyswiwyg\">\n                            <p>L&rsquo;entreprise engag\u00e9e se caract\u00e9rise par son engagement envers des causes sociales et environnementales, sa transparence, sa responsabilit\u00e9 et sa volont\u00e9 de contribuer au bien-\u00eatre de la soci\u00e9t\u00e9. Mais aujourd\u2019hui une entreprise qui s\u2019engage ce n\u2019est plus diff\u00e9renciant, c\u2019est devenu la norme, un crit\u00e8re essentiel pour assurer sa p\u00e9rennit\u00e9 et prouver sa r\u00e9silience. On consid\u00e8re qu\u2019aujourd\u2019hui 90% des soci\u00e9t\u00e9s du CAC 40 sont dot\u00e9s d\u2019un comit\u00e9 RSE selon l\u2019\u00e9tude de l\u2019IFA de 2023.<\/p>\n<p>Malgr\u00e9 leurs engagements qui ont initialement vocation \u00e0 avoir un impact positif sur le bien commun, la plupart des entreprises ont une posture assez \u201c\u00e9gocentrique\u201d : elles le font pour valoriser leur image, avoir bonne conscience et s\u2019ancrer dans l\u2019esprit des consommateurs. Par ailleurs, aujourd&rsquo;hui avec cette course de \u201cl\u2019entreprise la plus engag\u00e9e\u201d, le greenwashing, le green hushing et le french washing (entre autres) sont omnipr\u00e9sents et viennent nourrir la d\u00e9fiance des consommateurs.<\/p>\n                        <\/div>\n                                    <\/div>\n            <\/div>\n                <\/div>\n\n<div id=\"block_825efbc4f3e3129bb6d993218e5cc5f1\" class=\"cp-img teq-container    \" >\n        <div class=\"teq-grid\">\n        <figure class=\"col-span-6 md:col-span-20 md:col-start-3\">\n            <div class=\"img-wrapper relative\">\n\n                                    <picture class=\"width-100\">\n                        <source media=\"(max-width: 767px)\" srcset=\"https:\/\/dusens.group\/app\/uploads\/2024\/06\/illustration-from-the-committed-company-to-the-engaging-company.jpg\" \/>\n                        <source media=\"(min-width: 768px)\" srcset=\"https:\/\/dusens.group\/app\/uploads\/2024\/06\/illustration-from-the-committed-company-to-the-engaging-company.jpg\" \/>\n                        <img decoding=\"async\" clas=\"\" src=\"https:\/\/dusens.group\/app\/uploads\/2024\/06\/illustration-from-the-committed-company-to-the-engaging-company.jpg\" alt=\"illustration-from-the-committed-company-to-the-engaging-company\" \/>\n                    <\/picture>\n                \n                \n            <\/div>\n                    <\/figure>\n    <\/div>\n     \n<\/div>\n\n\n\n<div id=\"\" class=\"teq-container full-screen    \" >\n                        <div class=\"teq-grid\">\n                <div class=\"col-span-6 md:col-span-12 lg:col-span-12 lg:col-start-7  \">\n                                            <div class=\"sixth-wyswiwyg\">\n                            <p>Mais aujourd\u2019hui l\u2019engagement prend une nouvelle voie, passant de l\u2019entreprise engag\u00e9e \u00e0 l&rsquo;entreprise engageante.<\/p>\n<p>L&rsquo;entreprise engageante va au-del\u00e0 des simples d\u00e9clarations d&rsquo;intention et met en place des actions concr\u00e8tes pour incarner ses valeurs et engager ses parties prenantes. Elle s&rsquo;efforce de cr\u00e9er un \u00e9cosyst\u00e8me o\u00f9 tous les acteurs, qu&rsquo;il s&rsquo;agisse des employ\u00e9s, des clients, des fournisseurs ou de la communaut\u00e9 locale, sont impliqu\u00e9s et consid\u00e9r\u00e9s comme des partenaires actifs dans la r\u00e9alisation de sa mission. On passe alors d\u2019une d\u00e9marche purement d\u00e9clarative \u00e0 une approche active. Une illustration de cette vision est le cas de The Future is Neutral, une filiale de Renault Group qui est la premi\u00e8re entreprise d\u00e9di\u00e9e \u00e0 l&rsquo;\u00e9conomie circulaire dans l\u2019industrie automobile, qui f\u00e9d\u00e8re des entit\u00e9s compl\u00e9mentaires pour r\u00e9pondre de la meilleure fa\u00e7on \u00e0 la transformation de l\u2019industrie. Dans le secteur du luxe, c\u2019est Gucci avec le soutien de Kering qui a lanc\u00e9 le premier circular hub d\u2019Italie qui soutient des innovations de rupture pour acc\u00e9l\u00e9rer la transformation circulaire de la mode et du luxe.<\/p>\n<p>Avec la d\u00e9mocratisation des \u201cconsom\u2019acteurs\u201d on note une mont\u00e9e en puissance de l\u2019engagement individuel. Les consommateurs veulent prendre part au combat pour une soci\u00e9t\u00e9 plus juste et pour cela ils n\u2019ont pas besoin d\u2019entreprise engag\u00e9e qui les mettent dans une posture \u201cpassive\u201d mais ils ont besoin d\u2019entreprises engageantes, qui vont les impliquer dans la transformation soci\u00e9tale et les rendre \u201cactifs\u201d.<\/p>\n<p>Mais aujourd\u2019hui encore les strat\u00e9gies d\u2019engagements sont nombreuses et s\u2019incarnent au travers de diff\u00e9rentes formes, elles ne s\u2019opposent pas \u00e0 l\u2019engagement des entreprises mais sont en r\u00e9alit\u00e9 une m\u00e9tamorphose de la perception de l\u2019engagement. C\u2019est une transformation silencieuse qui s\u2019op\u00e8re depuis plusieurs ann\u00e9es et qui continuera d\u2019\u00e9voluer au gr\u00e9 des enjeux \u00e9mergents et des nouveaux usages.<\/p>\n                        <\/div>\n                                    <\/div>\n            <\/div>\n                <\/div>\n\n\n\n<div data-logocolor=\"white\" class=\"cp-interested teq-container full-screen bg-dark text-white pt-[120px] pb-[160px]    \" >\n\n    <div class=\"teq-grid gap-y-8 lg:gap-y-0\">\n\n                    <div class=\"col-span-6 md:col-span-12 lg:col-span-24 lg:col-start-2 title font-soehne font-semibold text-[40px] lg:text-[80px] leading-none\">\n                <p>Vous serez \u00e9galement<br \/>\nint\u00e9ress\u00e9(e)<\/p>\n            <\/div>\n        \n                                    \n                <a class=\"col-span-6 md:col-span-12 lg:col-span-6 lg:col-start-2 lg:mt-[72px] relative card\"  href=\"https:\/\/dusens.group\/fr\/the-sixth\/lia-notre-nouveau-terrain-de-jeu\/\">\n                    <div class=\"absolute top-0 w-4\/5 left-0  p-6 contain green\">\n                        <!-- Taxonomies -->\n                        <ul class=\"flex gap-2 font-semibold  text-xs \">\n                                                            <li class=\"uppercase square-before\">\n                                    Explore                                <\/li>\n                                                                                        <li class=\"uppercase square-before\">\n                                    News                                <\/li>\n                                                    <\/ul>\n\n                                                    <div class=\"title font-signifier text-[24px] leading-[26px] text-dazzling pt-4 pb-8\">\n                                <p>L&rsquo;IA, notre nouveau terrain de jeu<\/p>\n                            <\/div>\n                        \n                                                    <div class=\"flex items-center gap-2 time text-[14px] leading-none \">\n                                <svg width=\"14\" height=\"14\" viewBox=\"0 0 14 14\" fill=\"none\" xmlns=\"http:\/\/www.w3.org\/2000\/svg\" class=\"time\">\n                                    <path fill-rule=\"evenodd\" clip-rule=\"evenodd\" d=\"M7 14C10.866 14 14 10.866 14 7C14 3.13401 10.866 0 7 0C3.13401 0 0 3.13401 0 7C0 10.866 3.13401 14 7 14ZM8 6.585V3.00325H6V7.41421L8.29289 9.70711L9.70711 8.29289L8 6.585Z\" \/>\n                                <\/svg>\n                                2 min                            <\/div>\n                                            <\/div>\n\n                                            <picture class=\"width-100\">\n                            <source media=\"(max-width: 767px)\"\n                                    srcset=\"https:\/\/dusens.group\/app\/uploads\/2024\/06\/thumbnail-ai-playground.jpg\"\/>\n                            <source media=\"(min-width: 768px)\"\n                                    srcset=\"https:\/\/dusens.group\/app\/uploads\/2024\/06\/thumbnail-ai-playground.jpg\"\/>\n                            <img decoding=\"async\"\n                                    src=\"https:\/\/dusens.group\/app\/uploads\/2024\/06\/thumbnail-ai-playground.jpg\"\n                                    alt=\"thumbnail-ai-playground\"\/>\n                        <\/picture>\n                                    \n                    <\/a>                            \n                <a class=\"col-span-6 md:col-span-12 lg:col-span-6 lg:col-start-9 lg:mt-[150px] relative card\"  href=\"https:\/\/dusens.group\/fr\/the-sixth\/la-3d-pour-faire-entrer-lexperience-utilisateur-dans-une-nouvelle-dimension\/\">\n                    <div class=\"absolute top-0 w-4\/5 left-0  p-6 contain green\">\n                        <!-- Taxonomies -->\n                        <ul class=\"flex gap-2 font-semibold  text-xs \">\n                                                            <li class=\"uppercase square-before\">\n                                    Business                                <\/li>\n                                                                                        <li class=\"uppercase square-before\">\n                                    News                                <\/li>\n                                                    <\/ul>\n\n                                                    <div class=\"title font-signifier text-[24px] leading-[26px] text-dazzling pt-4 pb-8\">\n                                <p>La 3D pour faire entrer l&rsquo;exp\u00e9rience utilisateur dans une nouvelle dimension<\/p>\n                            <\/div>\n                        \n                                                    <div class=\"flex items-center gap-2 time text-[14px] leading-none \">\n                                <svg width=\"14\" height=\"14\" viewBox=\"0 0 14 14\" fill=\"none\" xmlns=\"http:\/\/www.w3.org\/2000\/svg\" class=\"time\">\n                                    <path fill-rule=\"evenodd\" clip-rule=\"evenodd\" d=\"M7 14C10.866 14 14 10.866 14 7C14 3.13401 10.866 0 7 0C3.13401 0 0 3.13401 0 7C0 10.866 3.13401 14 7 14ZM8 6.585V3.00325H6V7.41421L8.29289 9.70711L9.70711 8.29289L8 6.585Z\" \/>\n                                <\/svg>\n                                4 min                            <\/div>\n                                            <\/div>\n\n                                            <picture class=\"width-100\">\n                            <source media=\"(max-width: 767px)\"\n                                    srcset=\"https:\/\/dusens.group\/app\/uploads\/2024\/06\/thumbnail-3d-to-take-the-user-experience-into-a-new-dimension-mob.jpg\"\/>\n                            <source media=\"(min-width: 768px)\"\n                                    srcset=\"https:\/\/dusens.group\/app\/uploads\/2024\/06\/thumbnail-3d-to-take-the-user-experience-into-a-new-dimension.jpg\"\/>\n                            <img decoding=\"async\"\n                                    src=\"https:\/\/dusens.group\/app\/uploads\/2024\/06\/thumbnail-3d-to-take-the-user-experience-into-a-new-dimension.jpg\"\n                                    alt=\"thumbnail-3d-to-take-the-user-experience-into-a-new-dimension\"\/>\n                        <\/picture>\n                                    \n                    <\/a>                            \n                <a class=\"col-span-6 md:col-span-12 lg:col-[18_\/_span_6] lg:mt-[-130px] relative card\"  href=\"https:\/\/dusens.group\/fr\/the-sixth\/le-bothisme-lengagement-par-linclusion\/\">\n                    <div class=\"absolute top-0 w-4\/5 left-0  p-6 contain green\">\n                        <!-- Taxonomies -->\n                        <ul class=\"flex gap-2 font-semibold  text-xs \">\n                                                            <li class=\"uppercase square-before\">\n                                    Impact                                <\/li>\n                                                                                        <li class=\"uppercase square-before\">\n                                    Short                                <\/li>\n                                                    <\/ul>\n\n                                                    <div class=\"title font-signifier text-[24px] leading-[26px] text-dazzling pt-4 pb-8\">\n                                <p>Le bothisme : l&rsquo;engagement par l&rsquo;inclusion<\/p>\n                            <\/div>\n                        \n                                                    <div class=\"flex items-center gap-2 time text-[14px] leading-none \">\n                                <svg width=\"14\" height=\"14\" viewBox=\"0 0 14 14\" fill=\"none\" xmlns=\"http:\/\/www.w3.org\/2000\/svg\" class=\"time\">\n                                    <path fill-rule=\"evenodd\" clip-rule=\"evenodd\" d=\"M7 14C10.866 14 14 10.866 14 7C14 3.13401 10.866 0 7 0C3.13401 0 0 3.13401 0 7C0 10.866 3.13401 14 7 14ZM8 6.585V3.00325H6V7.41421L8.29289 9.70711L9.70711 8.29289L8 6.585Z\" \/>\n                                <\/svg>\n                                2 min                            <\/div>\n                                            <\/div>\n\n                                            <picture class=\"width-100\">\n                            <source media=\"(max-width: 767px)\"\n                                    srcset=\"https:\/\/dusens.group\/app\/uploads\/2024\/06\/thumbnail-bothism-commitment-through-inclusion-mob.jpg\"\/>\n                            <source media=\"(min-width: 768px)\"\n                                    srcset=\"https:\/\/dusens.group\/app\/uploads\/2024\/06\/thumbnail-bothism-commitment-through-inclusion.jpg\"\/>\n                            <img decoding=\"async\"\n                                    src=\"https:\/\/dusens.group\/app\/uploads\/2024\/06\/thumbnail-bothism-commitment-through-inclusion.jpg\"\n                                    alt=\"thumbnail-bothism-commitment-through-inclusion\"\/>\n                        <\/picture>\n                                    \n                    <\/a>                        <\/div>\n     \n<\/div>","protected":false},"excerpt":{"rendered":"","protected":false},"template":"","format":[313],"themes":[318],"reading-time":[322],"class_list":["post-2232","the-sixth","type-the-sixth","status-publish","hentry","format-news-fr","themes-perspectives-fr","reading-time-4-min-fr"],"acf":[],"yoast_head":"<!-- This site is optimized with the Yoast SEO plugin v23.1 - https:\/\/yoast.com\/wordpress\/plugins\/seo\/ -->\n<title>De l&#039;entreprise engag\u00e9e \u00e0 l&#039;entreprise engageante - Dusens Group<\/title>\n<meta name=\"description\" content=\"L&#039;entreprise engageante d\u00e9passe les intentions en agissant concr\u00e8tement pour impliquer ses parties prenantes et encourager le changement.\" \/>\n<meta name=\"robots\" content=\"index, follow, max-snippet:-1, max-image-preview:large, max-video-preview:-1\" \/>\n<link rel=\"canonical\" href=\"https:\/\/dusens.group\/fr\/the-sixth\/de-lentreprise-engagee-a-lentreprise-engageante\/\" \/>\n<meta property=\"og:locale\" content=\"fr_FR\" \/>\n<meta property=\"og:type\" content=\"article\" \/>\n<meta property=\"og:title\" content=\"De l&#039;entreprise engag\u00e9e \u00e0 l&#039;entreprise engageante - Dusens Group\" \/>\n<meta property=\"og:description\" content=\"L&#039;entreprise engageante d\u00e9passe les intentions en agissant concr\u00e8tement pour impliquer ses parties prenantes et encourager le changement.\" \/>\n<meta property=\"og:url\" content=\"https:\/\/dusens.group\/fr\/the-sixth\/de-lentreprise-engagee-a-lentreprise-engageante\/\" \/>\n<meta property=\"og:site_name\" content=\"Dusens Group\" \/>\n<meta property=\"article:modified_time\" content=\"2024-11-15T13:50:47+00:00\" \/>\n<meta property=\"og:image\" content=\"https:\/\/dusens.group\/app\/uploads\/2024\/06\/thumbnail-from-the-committed-company-to-the-engaging-company.jpg\" \/>\n<meta name=\"twitter:card\" content=\"summary_large_image\" \/>\n<meta name=\"twitter:image\" content=\"https:\/\/dusens.group\/app\/uploads\/2024\/06\/thumbnail-from-the-committed-company-to-the-engaging-company.jpg\" \/>\n<script type=\"application\/ld+json\" class=\"yoast-schema-graph\">{\"@context\":\"https:\/\/schema.org\",\"@graph\":[{\"@type\":\"WebPage\",\"@id\":\"https:\/\/dusens.group\/fr\/the-sixth\/de-lentreprise-engagee-a-lentreprise-engageante\/\",\"url\":\"https:\/\/dusens.group\/fr\/the-sixth\/de-lentreprise-engagee-a-lentreprise-engageante\/\",\"name\":\"De l'entreprise engag\u00e9e \u00e0 l'entreprise engageante - Dusens Group\",\"isPartOf\":{\"@id\":\"https:\/\/dusens.group\/fr\/#website\"},\"datePublished\":\"2024-06-12T12:40:11+00:00\",\"dateModified\":\"2024-11-15T13:50:47+00:00\",\"description\":\"L'entreprise engageante d\u00e9passe les intentions en agissant concr\u00e8tement pour impliquer ses parties prenantes et encourager le changement.\",\"breadcrumb\":{\"@id\":\"https:\/\/dusens.group\/fr\/the-sixth\/de-lentreprise-engagee-a-lentreprise-engageante\/#breadcrumb\"},\"inLanguage\":\"fr-FR\",\"potentialAction\":[{\"@type\":\"ReadAction\",\"target\":[\"https:\/\/dusens.group\/fr\/the-sixth\/de-lentreprise-engagee-a-lentreprise-engageante\/\"]}]},{\"@type\":\"BreadcrumbList\",\"@id\":\"https:\/\/dusens.group\/fr\/the-sixth\/de-lentreprise-engagee-a-lentreprise-engageante\/#breadcrumb\",\"itemListElement\":[{\"@type\":\"ListItem\",\"position\":1,\"name\":\"Accueil\",\"item\":\"https:\/\/dusens.group\/fr\/\"},{\"@type\":\"ListItem\",\"position\":2,\"name\":\"The Sixth\",\"item\":\"https:\/\/dusens.group\/fr\/the-sixth\/\"},{\"@type\":\"ListItem\",\"position\":3,\"name\":\"De l&rsquo;entreprise engag\u00e9e \u00e0 l&rsquo;entreprise engageante\"}]},{\"@type\":\"WebSite\",\"@id\":\"https:\/\/dusens.group\/fr\/#website\",\"url\":\"https:\/\/dusens.group\/fr\/\",\"name\":\"Dusens Group\",\"description\":\"\",\"potentialAction\":[{\"@type\":\"SearchAction\",\"target\":{\"@type\":\"EntryPoint\",\"urlTemplate\":\"https:\/\/dusens.group\/fr\/?s={search_term_string}\"},\"query-input\":\"required name=search_term_string\"}],\"inLanguage\":\"fr-FR\"}]}<\/script>\n<!-- \/ Yoast SEO plugin. -->","yoast_head_json":{"title":"De l'entreprise engag\u00e9e \u00e0 l'entreprise engageante - Dusens Group","description":"L'entreprise engageante d\u00e9passe les intentions en agissant concr\u00e8tement pour impliquer ses parties prenantes et encourager le changement.","robots":{"index":"index","follow":"follow","max-snippet":"max-snippet:-1","max-image-preview":"max-image-preview:large","max-video-preview":"max-video-preview:-1"},"canonical":"https:\/\/dusens.group\/fr\/the-sixth\/de-lentreprise-engagee-a-lentreprise-engageante\/","og_locale":"fr_FR","og_type":"article","og_title":"De l'entreprise engag\u00e9e \u00e0 l'entreprise engageante - Dusens Group","og_description":"L'entreprise engageante d\u00e9passe les intentions en agissant concr\u00e8tement pour impliquer ses parties prenantes et encourager le changement.","og_url":"https:\/\/dusens.group\/fr\/the-sixth\/de-lentreprise-engagee-a-lentreprise-engageante\/","og_site_name":"Dusens Group","article_modified_time":"2024-11-15T13:50:47+00:00","og_image":[{"url":"https:\/\/dusens.group\/app\/uploads\/2024\/06\/thumbnail-from-the-committed-company-to-the-engaging-company.jpg"}],"twitter_card":"summary_large_image","twitter_image":"https:\/\/dusens.group\/app\/uploads\/2024\/06\/thumbnail-from-the-committed-company-to-the-engaging-company.jpg","schema":{"@context":"https:\/\/schema.org","@graph":[{"@type":"WebPage","@id":"https:\/\/dusens.group\/fr\/the-sixth\/de-lentreprise-engagee-a-lentreprise-engageante\/","url":"https:\/\/dusens.group\/fr\/the-sixth\/de-lentreprise-engagee-a-lentreprise-engageante\/","name":"De l'entreprise engag\u00e9e \u00e0 l'entreprise engageante - Dusens Group","isPartOf":{"@id":"https:\/\/dusens.group\/fr\/#website"},"datePublished":"2024-06-12T12:40:11+00:00","dateModified":"2024-11-15T13:50:47+00:00","description":"L'entreprise engageante d\u00e9passe les intentions en agissant concr\u00e8tement pour impliquer ses parties prenantes et encourager le changement.","breadcrumb":{"@id":"https:\/\/dusens.group\/fr\/the-sixth\/de-lentreprise-engagee-a-lentreprise-engageante\/#breadcrumb"},"inLanguage":"fr-FR","potentialAction":[{"@type":"ReadAction","target":["https:\/\/dusens.group\/fr\/the-sixth\/de-lentreprise-engagee-a-lentreprise-engageante\/"]}]},{"@type":"BreadcrumbList","@id":"https:\/\/dusens.group\/fr\/the-sixth\/de-lentreprise-engagee-a-lentreprise-engageante\/#breadcrumb","itemListElement":[{"@type":"ListItem","position":1,"name":"Accueil","item":"https:\/\/dusens.group\/fr\/"},{"@type":"ListItem","position":2,"name":"The Sixth","item":"https:\/\/dusens.group\/fr\/the-sixth\/"},{"@type":"ListItem","position":3,"name":"De l&rsquo;entreprise engag\u00e9e \u00e0 l&rsquo;entreprise engageante"}]},{"@type":"WebSite","@id":"https:\/\/dusens.group\/fr\/#website","url":"https:\/\/dusens.group\/fr\/","name":"Dusens Group","description":"","potentialAction":[{"@type":"SearchAction","target":{"@type":"EntryPoint","urlTemplate":"https:\/\/dusens.group\/fr\/?s={search_term_string}"},"query-input":"required name=search_term_string"}],"inLanguage":"fr-FR"}]}},"_links":{"self":[{"href":"https:\/\/dusens.group\/fr\/wp-json\/wp\/v2\/the-sixth\/2232"}],"collection":[{"href":"https:\/\/dusens.group\/fr\/wp-json\/wp\/v2\/the-sixth"}],"about":[{"href":"https:\/\/dusens.group\/fr\/wp-json\/wp\/v2\/types\/the-sixth"}],"wp:attachment":[{"href":"https:\/\/dusens.group\/fr\/wp-json\/wp\/v2\/media?parent=2232"}],"wp:term":[{"taxonomy":"format","embeddable":true,"href":"https:\/\/dusens.group\/fr\/wp-json\/wp\/v2\/format?post=2232"},{"taxonomy":"themes","embeddable":true,"href":"https:\/\/dusens.group\/fr\/wp-json\/wp\/v2\/themes?post=2232"},{"taxonomy":"reading-time","embeddable":true,"href":"https:\/\/dusens.group\/fr\/wp-json\/wp\/v2\/reading-time?post=2232"}],"curies":[{"name":"wp","href":"https:\/\/api.w.org\/{rel}","templated":true}]}}