{"id":6565,"date":"2024-10-04T07:37:38","date_gmt":"2024-10-04T07:37:38","guid":{"rendered":"https:\/\/dusens.group\/?post_type=the-sixth&#038;p=6565"},"modified":"2024-11-15T12:31:43","modified_gmt":"2024-11-15T10:31:43","slug":"la-genz-une-generation-paradoxale","status":"publish","type":"the-sixth","link":"https:\/\/dusens.group\/fr\/the-sixth\/la-genz-une-generation-paradoxale\/","title":{"rendered":"La genZ : une g\u00e9n\u00e9ration paradoxale\u00a0?"},"content":{"rendered":"\n\n<div data-logocolor=\"white\" class=\"cp-sixth-herobanner teq-container banner max-w-full relative pt-[98px]     \" >\n    <div class=\"teq-grid\">\n        <div class=\"col-span-24 mt-[140px] lg:mt-20 mb-10 cp-breadcrumb  font-shoene hidden lg:grid\">\n            <nav class=\"breadcrumb\">\n            <span><span><a href=\"https:\/\/dusens.group\/fr\/\">Accueil<\/a><\/span><\/span>        <\/nav>\n    <\/div>\n    <\/div>\n    <div class=\"teq-grid\">\n        <div class=\"col-span-6 md:col-span-12 lg:col-span-11 lg:col-start-3   my-auto\">\n            <div class=\"tags-share flex gap-4 items-center justify-between\">\n                <!-- Taxo Th\u00e8mes -->\n                <ul class=\"flex gap-4 font-semibold font-soehne text-xs taxos \">\n                                                                        <li class=\"uppercase square-before \">Insight<\/li>\n                                                                                                                    <li class=\"uppercase square-before \">News<\/li>\n                                                            <\/ul>\n\n                <!-- Share -->\n                <div class=\"share-wrapper white desktop-only flex gap-6\">\n                    <div class=\"share-part flex gap-1 cursor-pointer relative\">\n                        <div class=\"share-part-inner flex gap-1 items-center\">\n                            <div class=\"relative share-label-wrapper\">\n                                <p class=\"label-inner\">Share<\/p>\n                                <div class=\"share-list mt-3 mt-lg-0 height-100 absolute\">\n                                    <div class=\"flex gap-0 align-center\">\n                                        <a target=\"_blank\"\n                                            href=\"https:\/\/twitter.com\/intent\/tweet?url=https%3A%2F%2Fdusens.group%2Ffr%2Fthe-sixth%2Fla-genz-une-generation-paradoxale%2F\"\n                                            onclick=\"window.open(this.href, 'mywin', 'left=20,top=20,width=500,height=500,toolbar=1,resizable=0'); return false;\"\n                                            class=\"txt-0 share-btn anim-ltr white\"\n                                            tabindex=\"-1\"\n                                            aria-label=\"\">\n                                            <svg class=\"icon-x\">\n                                                <use xlink:href=\"#icon-x\"><\/use>\n                                            <\/svg>\n                                        <\/a>\n                                        <a  href=\"https:\/\/www.linkedin.com\/sharing\/share-offsite\/?url=https:\/\/dusens.group\/fr\/the-sixth\/la-genz-une-generation-paradoxale\/\"\n                                            onclick=\"window.open(this.href, 'mywin', 'left=20,top=20,width=500,height=500,toolbar=1,resizable=0'); return false;\"\n                                            class=\"txt-0 share-btn anim-ltr white\"\n                                            tabindex=\"-1\"\n                                            aria-label=\"\">\n                                            <svg class=\"icon-linkedin\">\n                                                <use xlink:href=\"#icon-linkedin\"><\/use>\n                                            <\/svg>\n                                        <\/a>\n                                        <a  href=\"https:\/\/www.facebook.com\/sharer.php?u=https:\/\/dusens.group\/fr\/the-sixth\/la-genz-une-generation-paradoxale\/\"\n                                            onclick=\"window.open(this.href, 'mywin', 'left=20,top=20,width=500,height=500,toolbar=1,resizable=0'); return false;\"\n                                            class=\"txt-0 share-btn anim-ltr white\"\n                                            tabindex=\"-1\"\n                                            aria-label=\"\">\n                                            <svg class=\"icon-facebook\">\n                                                <use xlink:href=\"#icon-facebook\"><\/use>\n                                            <\/svg>\n                                        <\/a>\n                                    <\/div>\n                                <\/div>\n                            <\/div>\n                            <svg class=\"icon-share-white\">\n                                <use xlink:href=\"#icon-share-white\"><\/use>\n                            <\/svg>\n                        <\/div>\n                    <\/div>\n\n                    <div class=\"copy-url-part flex gap-1 items-center cursor-pointer\">\n                        <p class=\"copy-label anim-ltr white\">\n                            Copier l&rsquo;URL                        <\/p>\n                        <p class=\"copied-label anim-ltr white\">\n                             Copi\u00e9e !                        <\/p>\n                        <svg class=\"icon-copy-white\">\n                            <use xlink:href=\"#icon-copy-white\"><\/use>\n                        <\/svg>\n                    <\/div>\n                <\/div>\n            <\/div>\n\n                            <h1 class=\"font-signifier text-[40px] leading-[44px] lg:text-[56px] lg:leading-[64px] mt-6 lg:mt-7 title\">\n                    <p>La genZ : une g\u00e9n\u00e9ration paradoxale ?<\/p>\n                <\/h1>\n            \n            <!-- Desktop -->\n            <div class=\"hidden lg:flex gap-6  text-[16px] leading-[20px] my-6  \">\n                                    <span class=\"date\">\n                        4 octobre 2024                    <\/span>\n                \n                <!-- Taxo reading-time  -->\n                                                            <div class=\"flex items-center gap-2 time\">\n                            <svg width=\"14\" height=\"14\" viewBox=\"0 0 14 14\" fill=\"none\" xmlns=\"http:\/\/www.w3.org\/2000\/svg\" class=\"time\">\n                                <path fill-rule=\"evenodd\" clip-rule=\"evenodd\" d=\"M7 14C10.866 14 14 10.866 14 7C14 3.13401 10.866 0 7 0C3.13401 0 0 3.13401 0 7C0 10.866 3.13401 14 7 14ZM8 6.585V3.00325H6V7.41421L8.29289 9.70711L9.70711 8.29289L8 6.585Z\" \/>\n                            <\/svg>\n                            3.5 min                        <\/div>\n                                    \n\n                                    <span class=\"author\">\n                        In\u00e8s Guigue                    <\/span>\n                            <\/div>\n\n                            <div class=\"description text-base lg:text-[20px] leading-[26px] lg:leading-[32px] font-soehne mt-6 lg:mt-0\">\n                    <p>La Gen Z est une g\u00e9n\u00e9ration qui se distingue par son engagement en faveur des causes sociales et environnementales, tout en \u00e9tant influenc\u00e9e par un d\u00e9sir consum\u00e9riste inh\u00e9rent. Elle est compos\u00e9e de communaut\u00e9s internes diverses, chacune avec ses propres combats et aspirations. Mais au fur et \u00e0 mesure que la Gen Z vieillit, on se demande comment elle continuera \u00e0 fa\u00e7onner l&rsquo;avenir et si la g\u00e9n\u00e9ration Alpha sera une rel\u00e8ve de taille.<\/p>\n                <\/div>\n                    <\/div>\n\n            <!-- Mobile share modal -->\n            <div class=\"share-wrapper mobile-only flex gap-1 cursor-pointer relative mt-4 mb-2 items-center\">\n                <svg class=\"icon-share-white\">\n                    <use xlink:href=\"#icon-share-white\"><\/use>\n                <\/svg>\n                <p class=\"label\"> partager <\/p>\n            <\/div>\n\n        <!-- <picture class=\"w-full h-auto lg:absolute opacity-0 lg:-bottom-[128px]\" -->\n        <div class=\"col-span-6 md:col-span-12 lg:col-[16_\/_span_8] py-6 lg:py-0\">\n                            <picture class=\"w-full h-auto\"\n                    style=\"\n                        mask-image: url(https:\/\/dusens.group\/app\/themes\/teq-theme\/assets\/images\/sixth-mask.svg);\n                        mask-repeat: no-repeat; mask-size: 100% auto;\"\n                >\n                    <source media=\"(max-width: 767px)\" srcset=\"https:\/\/dusens.group\/app\/uploads\/2024\/09\/thumbnail-gen-z-mobile.jpg\" \/>\n                    <source media=\"(min-width: 768px)\" srcset=\"https:\/\/dusens.group\/app\/uploads\/2024\/09\/thumbnail-gen-z.jpg\" \/>\n                    <img decoding=\"async\" src=\"https:\/\/dusens.group\/app\/uploads\/2024\/09\/thumbnail-gen-z.jpg\" alt=\"thumbnail-gen-z\" \/>\n                <\/picture>\n                    <\/div>\n\n        <!-- Mobile -->\n        <div class=\"col-span-6 md:col-span-12 flex flex-wrap justify-between gap-6 text-[16px] leading-[20px] lg:hidden\">\n                            <span class=\"date\">\n                    4 octobre 2024                <\/span>\n            \n            <!-- Taxo reading-time  -->\n                                                <div class=\"flex items-center gap-2 time\">\n                        <svg width=\"14\" height=\"14\" viewBox=\"0 0 14 14\" fill=\"none\" xmlns=\"http:\/\/www.w3.org\/2000\/svg\" class=\"time\">\n                            <path fill-rule=\"evenodd\" clip-rule=\"evenodd\" d=\"M7 14C10.866 14 14 10.866 14 7C14 3.13401 10.866 0 7 0C3.13401 0 0 3.13401 0 7C0 10.866 3.13401 14 7 14ZM8 6.585V3.00325H6V7.41421L8.29289 9.70711L9.70711 8.29289L8 6.585Z\" \/>\n                        <\/svg>\n                        3.5 min                    <\/div>\n                            \n\n                            <span class=\"author\">\n                    In\u00e8s Guigue                <\/span>\n                    <\/div>\n\n    <\/div>\n     \n<\/div>\n\n\n\n<div id=\"\" class=\"teq-container full-screen    \" >\n                        <div class=\"teq-grid\">\n                <div class=\"col-span-6 md:col-span-12 lg:col-span-7 lg:col-start-3 mb-6 lg:mb-0\">\n                                                                <div class=\"w-full mb-6 lg:mb-0\">\n                                \n<div class=\"cp-key-number bg-dazzling p-6 text-dark\" style=\"mask-image: url(https:\/\/dusens.group\/app\/themes\/teq-theme\/assets\/images\/sixth-bottom-mask.png); mask-repeat: no-repeat; mask-size: 100% auto;\">\n\n    \n            <div class=\"text-[24px] leading-[31px] font-semibold font-soehne\">\n            La Gen Z est bien plus qu&rsquo;une g\u00e9n\u00e9ration paradoxale. Elle est un ensemble de voix et d&rsquo;id\u00e9aux qui red\u00e9finit les normes sociales, \u00e9conomiques et environnementales.        <\/div>\n    \n    <\/div>                        <\/div>\n                                    <\/div>\n                                    <div class=\"col-span-6 md:col-span-12 lg:col-span-11 lg:col-start-12 \">\n                        <div class=\"sixth-wyswiwyg\">\n                            <p>La Gen Z est une g\u00e9n\u00e9ration fascinante qui est souvent qualifi\u00e9e de \u00ab\u00a0paradoxale\u00a0\u00bb, mais est-ce vraiment le cas ?<\/p>\n<p>D&rsquo;un c\u00f4t\u00e9, la Gen Z se distingue par son engagement en faveur de causes sociales et environnementales. Consciente des d\u00e9fis auxquels notre plan\u00e8te est confront\u00e9e, cette g\u00e9n\u00e9ration aspire \u00e0 un monde plus \u00e9quitable et respectueux de l&rsquo;environnement. Le mouvement contre la \u00ab\u00a0fast fashion\u00a0\u00bb en est un exemple frappant. Les Zoomers remettent en question les pratiques de l&rsquo;industrie de la mode, exigeant des normes plus \u00e9thiques et durables. Cependant, cette conscience sociale et environnementale doit coexister avec le d\u00e9sir consum\u00e9riste inh\u00e9rent \u00e0 cette g\u00e9n\u00e9ration. Les Zoomers ont grandi \u00e0 l&rsquo;\u00e8re de la technologie et d&rsquo;Internet, o\u00f9 tout est \u00e0 port\u00e9e de clic. Ils sont habitu\u00e9s \u00e0 la gratification instantan\u00e9e et \u00e0 la possibilit\u00e9 de satisfaire leurs d\u00e9sirs en un instant. Cette dualit\u00e9 entre leur conscience sociale et leur d\u00e9sir consum\u00e9riste cr\u00e9e un conflit interne qui les pousse \u00e0 trouver un juste milieu.<\/p>\n<p>Cependant, l&rsquo;\u00e9tiquette de \u00ab\u00a0paradoxale\u00a0\u00bb ne rend pas justice \u00e0 la diversit\u00e9 de la Gen Z. En r\u00e9alit\u00e9, cette g\u00e9n\u00e9ration est si h\u00e9t\u00e9roclite qu&rsquo;elle est compos\u00e9e de nombreuses communaut\u00e9s internes, chacune ayant ses propres combats et aspirations. Les body positivistes, les \u00e9cologistes, les f\u00e9ministes, les d\u00e9fenseurs de la sant\u00e9 mentale, et bien d&rsquo;autres se retrouvent au sein de la Gen Z. De plus, chaque individu peut appartenir \u00e0 plusieurs de ces communaut\u00e9s, refl\u00e9tant ainsi la complexit\u00e9 de leur identit\u00e9.<\/p>\n                        <\/div>\n                    <\/div>\n                            <\/div>\n                <\/div>\n\n<div id=\"block_f642a9fba8e06a240a43488a395f6d06\" class=\"cp-img teq-container    \" >\n        <div class=\"teq-grid\">\n        <figure class=\"col-span-6 md:col-span-20 md:col-start-3\">\n            <div class=\"img-wrapper relative\">\n\n                                    <picture class=\"width-100\">\n                        <source media=\"(max-width: 767px)\" srcset=\"https:\/\/dusens.group\/app\/uploads\/2024\/09\/illustration-gen-z-mobile.jpg\" \/>\n                        <source media=\"(min-width: 768px)\" srcset=\"https:\/\/dusens.group\/app\/uploads\/2024\/09\/illustration-gen-z.jpg\" \/>\n                        <img decoding=\"async\" clas=\"\" src=\"https:\/\/dusens.group\/app\/uploads\/2024\/09\/illustration-gen-z.jpg\" alt=\"illustration-gen-z\" \/>\n                    <\/picture>\n                \n                \n            <\/div>\n                    <\/figure>\n    <\/div>\n     \n<\/div>\n\n\n\n<div id=\"\" class=\"teq-container full-screen    \" >\n                        <div class=\"teq-grid\">\n                <div class=\"col-span-6 md:col-span-12 lg:col-span-12 lg:col-start-7  \">\n                                            <div class=\"sixth-wyswiwyg\">\n                            <p>Un \u00e9l\u00e9ment cl\u00e9 qui distingue la Gen Z de ses pr\u00e9d\u00e9cesseurs, tels que les millennials, est son esprit collectif. Alors que les millenials \u00e9taient souvent per\u00e7us comme une g\u00e9n\u00e9ration individualiste, aspirant \u00e0 la r\u00e9ussite personnelle, les Zoomers aspirent \u00e0 cr\u00e9er un changement soci\u00e9tal global. Cette volont\u00e9 se manifeste non seulement dans leur consommation, mais \u00e9galement sur les r\u00e9seaux sociaux. En effet, contrairement aux millenials qui se contentaient souvent de r\u00e9agir \u00e0 des publications, les Zoomers sont beaucoup plus actifs et cr\u00e9atifs sur les r\u00e9seaux sociaux. Ils publient, partagent, et militent pour leurs causes avec une \u00e9nergie d\u00e9bordante. Cette activit\u00e9 est particuli\u00e8rement visible sur des plateformes comme Twitter, o\u00f9 ils s&rsquo;expriment et influencent le discours public.<\/p>\n<p>En fin de compte, la Gen Z est bien plus qu&rsquo;une g\u00e9n\u00e9ration paradoxale. Elle est un ensemble de voix et d&rsquo;id\u00e9aux qui red\u00e9finit les normes sociales, \u00e9conomiques et environnementales. Son impact sur notre monde en perp\u00e9tuelle \u00e9volution est ind\u00e9niable, et il sera passionnant de voir comment elle continuera \u00e0 fa\u00e7onner l&rsquo;avenir.<\/p>\n<p>Mais alors que la Gen Z vieillit, la question qui se pose est de savoir quels comportements elle conservera au fil des ans, et lesquels s&rsquo;estomperont. La g\u00e9n\u00e9ration Alpha, qui la suit, reprendra-t-elle le flambeau ou retombera-t-elle dans les travers des g\u00e9n\u00e9rations pr\u00e9c\u00e9dentes, adoptant une logique plus individualiste que communautaire ?<\/p>\n                        <\/div>\n                                    <\/div>\n            <\/div>\n                <\/div>\n\n\n\n<div data-logocolor=\"white\" class=\"cp-interested teq-container full-screen bg-dark text-white pt-[120px] pb-[160px]    \" >\n\n    <div class=\"teq-grid gap-y-8 lg:gap-y-0\">\n\n                    <div class=\"col-span-6 md:col-span-12 lg:col-span-24 lg:col-start-2 title font-soehne font-semibold text-[40px] lg:text-[80px] leading-none\">\n                <p>Vous serez \u00e9galement<br \/>\nint\u00e9ress\u00e9(e)<\/p>\n            <\/div>\n        \n                                    \n                <a class=\"col-span-6 md:col-span-12 lg:col-span-6 lg:col-start-2 lg:mt-[72px] relative card\"  href=\"https:\/\/dusens.group\/fr\/the-sixth\/quand-le-digital-occulte-la-communication-non-verbale\/\">\n                    <div class=\"absolute top-0 w-4\/5 left-0  p-6 contain green\">\n                        <!-- Taxonomies -->\n                        <ul class=\"flex gap-2 font-semibold  text-xs \">\n                                                            <li class=\"uppercase square-before\">\n                                    Impact                                <\/li>\n                                                                                        <li class=\"uppercase square-before\">\n                                    News                                <\/li>\n                                                    <\/ul>\n\n                                                    <div class=\"title font-signifier text-[24px] leading-[26px] text-dazzling pt-4 pb-8\">\n                                <p>Quand le digital occulte la communication non verbale<\/p>\n                            <\/div>\n                        \n                                                    <div class=\"flex items-center gap-2 time text-[14px] leading-none \">\n                                <svg width=\"14\" height=\"14\" viewBox=\"0 0 14 14\" fill=\"none\" xmlns=\"http:\/\/www.w3.org\/2000\/svg\" class=\"time\">\n                                    <path fill-rule=\"evenodd\" clip-rule=\"evenodd\" d=\"M7 14C10.866 14 14 10.866 14 7C14 3.13401 10.866 0 7 0C3.13401 0 0 3.13401 0 7C0 10.866 3.13401 14 7 14ZM8 6.585V3.00325H6V7.41421L8.29289 9.70711L9.70711 8.29289L8 6.585Z\" \/>\n                                <\/svg>\n                                4 min                            <\/div>\n                                            <\/div>\n\n                                            <picture class=\"width-100\">\n                            <source media=\"(max-width: 767px)\"\n                                    srcset=\"https:\/\/dusens.group\/app\/uploads\/2024\/06\/thumbnail-when-digital-obscures-non-verbal-communication-mob.jpg\"\/>\n                            <source media=\"(min-width: 768px)\"\n                                    srcset=\"https:\/\/dusens.group\/app\/uploads\/2024\/06\/thumbnail-when-digital-obscures-non-verbal-communication.jpg\"\/>\n                            <img decoding=\"async\"\n                                    src=\"https:\/\/dusens.group\/app\/uploads\/2024\/06\/thumbnail-when-digital-obscures-non-verbal-communication.jpg\"\n                                    alt=\"thumbnail-when-digital-obscures-non-verbal-communication\"\/>\n                        <\/picture>\n                                    \n                    <\/a>                            \n                <a class=\"col-span-6 md:col-span-12 lg:col-span-6 lg:col-start-9 lg:mt-[150px] relative card\"  href=\"https:\/\/dusens.group\/fr\/the-sixth\/de-la-communication-responsable-a-la-communication-militante\/\">\n                    <div class=\"absolute top-0 w-4\/5 left-0  p-6 contain green\">\n                        <!-- Taxonomies -->\n                        <ul class=\"flex gap-2 font-semibold  text-xs \">\n                                                            <li class=\"uppercase square-before\">\n                                    Business                                <\/li>\n                                                                                        <li class=\"uppercase square-before\">\n                                    Short                                <\/li>\n                                                    <\/ul>\n\n                                                    <div class=\"title font-signifier text-[24px] leading-[26px] text-dazzling pt-4 pb-8\">\n                                <p>De la communication responsable \u00e0 la communication militante<\/p>\n                            <\/div>\n                        \n                                                    <div class=\"flex items-center gap-2 time text-[14px] leading-none \">\n                                <svg width=\"14\" height=\"14\" viewBox=\"0 0 14 14\" fill=\"none\" xmlns=\"http:\/\/www.w3.org\/2000\/svg\" class=\"time\">\n                                    <path fill-rule=\"evenodd\" clip-rule=\"evenodd\" d=\"M7 14C10.866 14 14 10.866 14 7C14 3.13401 10.866 0 7 0C3.13401 0 0 3.13401 0 7C0 10.866 3.13401 14 7 14ZM8 6.585V3.00325H6V7.41421L8.29289 9.70711L9.70711 8.29289L8 6.585Z\" \/>\n                                <\/svg>\n                                1 min                            <\/div>\n                                            <\/div>\n\n                                            <picture class=\"width-100\">\n                            <source media=\"(max-width: 767px)\"\n                                    srcset=\"https:\/\/dusens.group\/app\/uploads\/2024\/06\/thumbnail-responsible-communication.jpg\"\/>\n                            <source media=\"(min-width: 768px)\"\n                                    srcset=\"https:\/\/dusens.group\/app\/uploads\/2024\/06\/thumbnail-responsible-communication.jpg\"\/>\n                            <img decoding=\"async\"\n                                    src=\"https:\/\/dusens.group\/app\/uploads\/2024\/06\/thumbnail-responsible-communication.jpg\"\n                                    alt=\"thumbnail-responsible-communication\"\/>\n                        <\/picture>\n                                    \n                    <\/a>                            \n                <a class=\"col-span-6 md:col-span-12 lg:col-[18_\/_span_6] lg:mt-[-130px] relative card\"  href=\"https:\/\/dusens.group\/fr\/the-sixth\/evolutions-semantiques-appropriation-linguistique-des-populations\/\">\n                    <div class=\"absolute top-0 w-4\/5 left-0  p-6 contain green\">\n                        <!-- Taxonomies -->\n                        <ul class=\"flex gap-2 font-semibold  text-xs \">\n                                                            <li class=\"uppercase square-before\">\n                                    Perspectives                                <\/li>\n                                                                                        <li class=\"uppercase square-before\">\n                                    News                                <\/li>\n                                                    <\/ul>\n\n                                                    <div class=\"title font-signifier text-[24px] leading-[26px] text-dazzling pt-4 pb-8\">\n                                <p>\u00c9volutions s\u00e9mantiques &amp; appropriation linguistique des populations<\/p>\n                            <\/div>\n                        \n                                                    <div class=\"flex items-center gap-2 time text-[14px] leading-none \">\n                                <svg width=\"14\" height=\"14\" viewBox=\"0 0 14 14\" fill=\"none\" xmlns=\"http:\/\/www.w3.org\/2000\/svg\" class=\"time\">\n                                    <path fill-rule=\"evenodd\" clip-rule=\"evenodd\" d=\"M7 14C10.866 14 14 10.866 14 7C14 3.13401 10.866 0 7 0C3.13401 0 0 3.13401 0 7C0 10.866 3.13401 14 7 14ZM8 6.585V3.00325H6V7.41421L8.29289 9.70711L9.70711 8.29289L8 6.585Z\" \/>\n                                <\/svg>\n                                4 min                            <\/div>\n                                            <\/div>\n\n                                            <picture class=\"width-100\">\n                            <source media=\"(max-width: 767px)\"\n                                    srcset=\"https:\/\/dusens.group\/app\/uploads\/2024\/06\/thumbnail-semantic-developments-linguistic-appropriation-of-populations-mob.jpg\"\/>\n                            <source media=\"(min-width: 768px)\"\n                                    srcset=\"https:\/\/dusens.group\/app\/uploads\/2024\/06\/thumbnail-semantic-developments-linguistic-appropriation-of-populations.jpg\"\/>\n                            <img decoding=\"async\"\n                                    src=\"https:\/\/dusens.group\/app\/uploads\/2024\/06\/thumbnail-semantic-developments-linguistic-appropriation-of-populations.jpg\"\n                                    alt=\"thumbnail-semantic-developments-linguistic-appropriation-of-populations\"\/>\n                        <\/picture>\n                                    \n                    <\/a>                        <\/div>\n     \n<\/div>","protected":false},"excerpt":{"rendered":"","protected":false},"template":"","format":[313],"themes":[316],"reading-time":[326],"class_list":["post-6565","the-sixth","type-the-sixth","status-publish","hentry","format-news-fr","themes-insight-fr","reading-time-3-min-30-fr"],"acf":[],"yoast_head":"<!-- This site is optimized with the Yoast SEO plugin v23.1 - https:\/\/yoast.com\/wordpress\/plugins\/seo\/ -->\n<title>La genZ : une g\u00e9n\u00e9ration paradoxale\u00a0? - Dusens Group<\/title>\n<meta name=\"description\" content=\"La Gen Z est bien plus qu\u2019une g\u00e9n\u00e9ration paradoxale,elle se distingue par son engagement en faveur de causes sociales et environnementales.\" \/>\n<meta name=\"robots\" content=\"index, follow, max-snippet:-1, max-image-preview:large, max-video-preview:-1\" \/>\n<link rel=\"canonical\" href=\"https:\/\/dusens.group\/fr\/the-sixth\/la-genz-une-generation-paradoxale\/\" \/>\n<meta property=\"og:locale\" content=\"fr_FR\" \/>\n<meta property=\"og:type\" content=\"article\" \/>\n<meta property=\"og:title\" content=\"La genZ : une g\u00e9n\u00e9ration paradoxale\u00a0? - Dusens Group\" \/>\n<meta property=\"og:description\" content=\"La Gen Z est bien plus qu\u2019une g\u00e9n\u00e9ration paradoxale,elle se distingue par son engagement en faveur de causes sociales et environnementales.\" \/>\n<meta property=\"og:url\" content=\"https:\/\/dusens.group\/fr\/the-sixth\/la-genz-une-generation-paradoxale\/\" \/>\n<meta property=\"og:site_name\" content=\"Dusens Group\" \/>\n<meta property=\"article:modified_time\" content=\"2024-11-15T10:31:43+00:00\" \/>\n<meta property=\"og:image\" content=\"https:\/\/dusens.group\/app\/uploads\/2024\/09\/thumbnail-gen-z.jpg\" \/>\n<meta name=\"twitter:card\" content=\"summary_large_image\" \/>\n<meta name=\"twitter:image\" content=\"https:\/\/dusens.group\/app\/uploads\/2024\/09\/thumbnail-gen-z.jpg\" \/>\n<script type=\"application\/ld+json\" class=\"yoast-schema-graph\">{\"@context\":\"https:\/\/schema.org\",\"@graph\":[{\"@type\":\"WebPage\",\"@id\":\"https:\/\/dusens.group\/fr\/the-sixth\/la-genz-une-generation-paradoxale\/\",\"url\":\"https:\/\/dusens.group\/fr\/the-sixth\/la-genz-une-generation-paradoxale\/\",\"name\":\"La genZ : une g\u00e9n\u00e9ration paradoxale\u00a0? - Dusens Group\",\"isPartOf\":{\"@id\":\"https:\/\/dusens.group\/fr\/#website\"},\"datePublished\":\"2024-10-04T07:37:38+00:00\",\"dateModified\":\"2024-11-15T10:31:43+00:00\",\"description\":\"La Gen Z est bien plus qu\u2019une g\u00e9n\u00e9ration paradoxale,elle se distingue par son engagement en faveur de causes sociales et environnementales.\",\"breadcrumb\":{\"@id\":\"https:\/\/dusens.group\/fr\/the-sixth\/la-genz-une-generation-paradoxale\/#breadcrumb\"},\"inLanguage\":\"fr-FR\",\"potentialAction\":[{\"@type\":\"ReadAction\",\"target\":[\"https:\/\/dusens.group\/fr\/the-sixth\/la-genz-une-generation-paradoxale\/\"]}]},{\"@type\":\"BreadcrumbList\",\"@id\":\"https:\/\/dusens.group\/fr\/the-sixth\/la-genz-une-generation-paradoxale\/#breadcrumb\",\"itemListElement\":[{\"@type\":\"ListItem\",\"position\":1,\"name\":\"Accueil\",\"item\":\"https:\/\/dusens.group\/fr\/\"},{\"@type\":\"ListItem\",\"position\":2,\"name\":\"The Sixth\",\"item\":\"https:\/\/dusens.group\/fr\/the-sixth\/\"},{\"@type\":\"ListItem\",\"position\":3,\"name\":\"La genZ : une g\u00e9n\u00e9ration paradoxale\u00a0?\"}]},{\"@type\":\"WebSite\",\"@id\":\"https:\/\/dusens.group\/fr\/#website\",\"url\":\"https:\/\/dusens.group\/fr\/\",\"name\":\"Dusens Group\",\"description\":\"\",\"potentialAction\":[{\"@type\":\"SearchAction\",\"target\":{\"@type\":\"EntryPoint\",\"urlTemplate\":\"https:\/\/dusens.group\/fr\/?s={search_term_string}\"},\"query-input\":\"required name=search_term_string\"}],\"inLanguage\":\"fr-FR\"}]}<\/script>\n<!-- \/ Yoast SEO plugin. -->","yoast_head_json":{"title":"La genZ : une g\u00e9n\u00e9ration paradoxale\u00a0? - Dusens Group","description":"La Gen Z est bien plus qu\u2019une g\u00e9n\u00e9ration paradoxale,elle se distingue par son engagement en faveur de causes sociales et environnementales.","robots":{"index":"index","follow":"follow","max-snippet":"max-snippet:-1","max-image-preview":"max-image-preview:large","max-video-preview":"max-video-preview:-1"},"canonical":"https:\/\/dusens.group\/fr\/the-sixth\/la-genz-une-generation-paradoxale\/","og_locale":"fr_FR","og_type":"article","og_title":"La genZ : une g\u00e9n\u00e9ration paradoxale\u00a0? - Dusens Group","og_description":"La Gen Z est bien plus qu\u2019une g\u00e9n\u00e9ration paradoxale,elle se distingue par son engagement en faveur de causes sociales et environnementales.","og_url":"https:\/\/dusens.group\/fr\/the-sixth\/la-genz-une-generation-paradoxale\/","og_site_name":"Dusens Group","article_modified_time":"2024-11-15T10:31:43+00:00","og_image":[{"url":"https:\/\/dusens.group\/app\/uploads\/2024\/09\/thumbnail-gen-z.jpg"}],"twitter_card":"summary_large_image","twitter_image":"https:\/\/dusens.group\/app\/uploads\/2024\/09\/thumbnail-gen-z.jpg","schema":{"@context":"https:\/\/schema.org","@graph":[{"@type":"WebPage","@id":"https:\/\/dusens.group\/fr\/the-sixth\/la-genz-une-generation-paradoxale\/","url":"https:\/\/dusens.group\/fr\/the-sixth\/la-genz-une-generation-paradoxale\/","name":"La genZ : une g\u00e9n\u00e9ration paradoxale\u00a0? - Dusens Group","isPartOf":{"@id":"https:\/\/dusens.group\/fr\/#website"},"datePublished":"2024-10-04T07:37:38+00:00","dateModified":"2024-11-15T10:31:43+00:00","description":"La Gen Z est bien plus qu\u2019une g\u00e9n\u00e9ration paradoxale,elle se distingue par son engagement en faveur de causes sociales et environnementales.","breadcrumb":{"@id":"https:\/\/dusens.group\/fr\/the-sixth\/la-genz-une-generation-paradoxale\/#breadcrumb"},"inLanguage":"fr-FR","potentialAction":[{"@type":"ReadAction","target":["https:\/\/dusens.group\/fr\/the-sixth\/la-genz-une-generation-paradoxale\/"]}]},{"@type":"BreadcrumbList","@id":"https:\/\/dusens.group\/fr\/the-sixth\/la-genz-une-generation-paradoxale\/#breadcrumb","itemListElement":[{"@type":"ListItem","position":1,"name":"Accueil","item":"https:\/\/dusens.group\/fr\/"},{"@type":"ListItem","position":2,"name":"The Sixth","item":"https:\/\/dusens.group\/fr\/the-sixth\/"},{"@type":"ListItem","position":3,"name":"La genZ : une g\u00e9n\u00e9ration paradoxale\u00a0?"}]},{"@type":"WebSite","@id":"https:\/\/dusens.group\/fr\/#website","url":"https:\/\/dusens.group\/fr\/","name":"Dusens Group","description":"","potentialAction":[{"@type":"SearchAction","target":{"@type":"EntryPoint","urlTemplate":"https:\/\/dusens.group\/fr\/?s={search_term_string}"},"query-input":"required name=search_term_string"}],"inLanguage":"fr-FR"}]}},"_links":{"self":[{"href":"https:\/\/dusens.group\/fr\/wp-json\/wp\/v2\/the-sixth\/6565"}],"collection":[{"href":"https:\/\/dusens.group\/fr\/wp-json\/wp\/v2\/the-sixth"}],"about":[{"href":"https:\/\/dusens.group\/fr\/wp-json\/wp\/v2\/types\/the-sixth"}],"wp:attachment":[{"href":"https:\/\/dusens.group\/fr\/wp-json\/wp\/v2\/media?parent=6565"}],"wp:term":[{"taxonomy":"format","embeddable":true,"href":"https:\/\/dusens.group\/fr\/wp-json\/wp\/v2\/format?post=6565"},{"taxonomy":"themes","embeddable":true,"href":"https:\/\/dusens.group\/fr\/wp-json\/wp\/v2\/themes?post=6565"},{"taxonomy":"reading-time","embeddable":true,"href":"https:\/\/dusens.group\/fr\/wp-json\/wp\/v2\/reading-time?post=6565"}],"curies":[{"name":"wp","href":"https:\/\/api.w.org\/{rel}","templated":true}]}}